{"id":383,"date":"2023-09-14T13:35:02","date_gmt":"2023-09-14T13:35:02","guid":{"rendered":"https:\/\/lions-sma.sarveo.net\/?page_id=383"},"modified":"2024-11-15T10:46:47","modified_gmt":"2024-11-15T09:46:47","slug":"nos-actions","status":"publish","type":"page","link":"http:\/\/lions-sma.org\/index.php\/nos-actions\/","title":{"rendered":"Nos actions"},"content":{"rendered":"\n<hr class=\"wp-block-separator has-alpha-channel-opacity\"\/>\n\n\n\n<div class=\"wp-block-columns is-layout-flex wp-container-core-columns-is-layout-9d6595d7 wp-block-columns-is-layout-flex\">\n<div class=\"wp-block-column is-layout-flow wp-block-column-is-layout-flow\" style=\"flex-basis:33.33%\">\n<h2 class=\"wp-block-heading has-accent-1-color has-text-color has-link-color wp-elements-aa83da11a45d26dd29649a195a19ac27\">Force livres<\/h2>\n\n\n\n<p>Depuis 2024, nous organisons des collectes de livres aupr\u00e8s de nos amis mais surtout aupr\u00e8s de partenaires : paroisses, soci\u00e9t\u00e9s de d\u00e9m\u00e9nagement, \u00e9diteurs&#8230;<\/p>\n\n\n\n<p>Pour ensuite emballer et transporter puis acheminer nos livres vers leurs diff\u00e9rentes destinations, c&rsquo;est une vraie organisation qui sollicite ESAT, transporteurs et nos amis LIONS d&rsquo;Afrique.<\/p>\n\n\n\n<p>Nos dons de livres sont \u00e0 destination d&rsquo;\u00e9coles, d&rsquo;organismes et de biblioth\u00e8ques en France et dans le monde, l\u00e0 o\u00f9 existent des besoins.<\/p>\n<\/div>\n\n\n\n<div class=\"wp-block-column is-layout-flow wp-block-column-is-layout-flow\" style=\"flex-basis:66.66%\">\n<figure class=\"wp-block-gallery has-nested-images columns-default is-cropped wp-block-gallery-1 is-layout-flex wp-block-gallery-is-layout-flex\">\n<figure class=\"wp-block-image size-large\"><img loading=\"lazy\" decoding=\"async\" width=\"1024\" height=\"576\" data-id=\"547\" src=\"http:\/\/lions-sma.org\/wp-content\/uploads\/2024\/11\/Collecte-de-livre-2-1024x576.jpg\" alt=\"\" class=\"wp-image-547\" srcset=\"http:\/\/lions-sma.org\/wp-content\/uploads\/2024\/11\/Collecte-de-livre-2-1024x576.jpg 1024w, http:\/\/lions-sma.org\/wp-content\/uploads\/2024\/11\/Collecte-de-livre-2-300x169.jpg 300w, http:\/\/lions-sma.org\/wp-content\/uploads\/2024\/11\/Collecte-de-livre-2-768x432.jpg 768w, http:\/\/lions-sma.org\/wp-content\/uploads\/2024\/11\/Collecte-de-livre-2-496x279.jpg 496w, http:\/\/lions-sma.org\/wp-content\/uploads\/2024\/11\/Collecte-de-livre-2.jpg 1280w\" sizes=\"auto, (max-width: 1024px) 100vw, 1024px\" \/><\/figure>\n<\/figure>\n<\/div>\n<\/div>\n\n\n\n<hr class=\"wp-block-separator has-alpha-channel-opacity\"\/>\n\n\n\n<div class=\"wp-block-columns is-layout-flex wp-container-core-columns-is-layout-9d6595d7 wp-block-columns-is-layout-flex\">\n<div class=\"wp-block-column is-layout-flow wp-block-column-is-layout-flow\" style=\"flex-basis:66.66%\">\n<figure class=\"wp-block-gallery has-nested-images columns-default is-cropped wp-block-gallery-2 is-layout-flex wp-block-gallery-is-layout-flex\">\n<figure class=\"wp-block-image size-large\"><img loading=\"lazy\" decoding=\"async\" width=\"1024\" height=\"576\" data-id=\"519\" src=\"http:\/\/lions-sma.org\/wp-content\/uploads\/2024\/11\/Mimosas-1-1024x576.jpg\" alt=\"\" class=\"wp-image-519\" srcset=\"http:\/\/lions-sma.org\/wp-content\/uploads\/2024\/11\/Mimosas-1-1024x576.jpg 1024w, http:\/\/lions-sma.org\/wp-content\/uploads\/2024\/11\/Mimosas-1-300x169.jpg 300w, http:\/\/lions-sma.org\/wp-content\/uploads\/2024\/11\/Mimosas-1-768x432.jpg 768w, http:\/\/lions-sma.org\/wp-content\/uploads\/2024\/11\/Mimosas-1-496x279.jpg 496w, http:\/\/lions-sma.org\/wp-content\/uploads\/2024\/11\/Mimosas-1.jpg 1280w\" sizes=\"auto, (max-width: 1024px) 100vw, 1024px\" \/><\/figure>\n<\/figure>\n<\/div>\n\n\n\n<div class=\"wp-block-column is-layout-flow wp-block-column-is-layout-flow\" style=\"flex-basis:33.33%\">\n<p>Depuis 2010, nos b\u00e9n\u00e9voles v\u00eatus de jaune sont mobilis\u00e9s pour vendre chaque ann\u00e9e sur deux week-ends, 3 000 bouquets au profit d&rsquo;associations impliqu\u00e9es dans la prise en charge du handicap mental dans le Val-de-Marne. <\/p>\n\n\n\n<p>Nous sommes tr\u00e8s heureux de leur reverser la totalit\u00e9 des b\u00e9n\u00e9fices. Ils permettent par exemple d&rsquo;acheter du mat\u00e9riel ou des am\u00e9nagements destin\u00e9s \u00e0 am\u00e9liorer le bien-\u00eatre des personnes. Cette op\u00e9ration a lieu en partenariat avec le magasin Leclerc de Bonneuil-sur-Marne.<\/p>\n\n\n\n<p>En raison de son succ\u00e8s, l\u2019op\u00e9ration a \u00e9t\u00e9 dupliqu\u00e9e par d\u2019autres clubs au sein d\u2019hypermarch\u00e9s de leurs villes.<\/p>\n<\/div>\n<\/div>\n\n\n\n<div class=\"wp-block-columns is-layout-flex wp-container-core-columns-is-layout-9d6595d7 wp-block-columns-is-layout-flex\">\n<div class=\"wp-block-column is-layout-flow wp-block-column-is-layout-flow\" style=\"flex-basis:33.33%\">\n<h2 class=\"wp-block-heading has-accent-1-color has-text-color has-link-color wp-elements-4c58764888ce822b92da1c164923af83\">La Soupe des Chefs<\/h2>\n\n\n\n<p>Depuis 2016, nous avons \u00e0 c\u0153ur de faire d\u00e9couvrir les talents des Chefs et Traiteurs de notre ville. Les saint-mauriens aiment nous retrouver tous les ans sur le march\u00e9 d\u2019Adamville pour acheter les soupes d&rsquo;exception concoct\u00e9es gratuitement pour l&rsquo;occasion.  Ces soupes sont vendues dans la bonne humeur par notre \u00e9quipe de b\u00e9n\u00e9voles. <\/p>\n\n\n\n<p>L&rsquo;int\u00e9gralit\u00e9 des b\u00e9n\u00e9fices de l\u2019op\u00e9ration est vers\u00e9e \u00e0 des associations ou \u00e0 l\u2019Epicerie solidaire de notre ville selon les ann\u00e9es et leurs besoins.<\/p>\n\n\n\n<p><\/p>\n\n\n\n<p><\/p>\n<\/div>\n\n\n\n<div class=\"wp-block-column is-layout-flow wp-block-column-is-layout-flow\" style=\"flex-basis:66.66%\">\n<figure class=\"wp-block-gallery has-nested-images columns-default is-cropped wp-block-gallery-3 is-layout-flex wp-block-gallery-is-layout-flex\">\n<figure class=\"wp-block-image size-large\"><img loading=\"lazy\" decoding=\"async\" width=\"1024\" height=\"576\" data-id=\"520\" src=\"http:\/\/lions-sma.org\/wp-content\/uploads\/2024\/11\/Soupe-des-chefs-1024x576.jpg\" alt=\"\" class=\"wp-image-520\" srcset=\"http:\/\/lions-sma.org\/wp-content\/uploads\/2024\/11\/Soupe-des-chefs-1024x576.jpg 1024w, http:\/\/lions-sma.org\/wp-content\/uploads\/2024\/11\/Soupe-des-chefs-300x169.jpg 300w, http:\/\/lions-sma.org\/wp-content\/uploads\/2024\/11\/Soupe-des-chefs-768x432.jpg 768w, http:\/\/lions-sma.org\/wp-content\/uploads\/2024\/11\/Soupe-des-chefs-496x279.jpg 496w, http:\/\/lions-sma.org\/wp-content\/uploads\/2024\/11\/Soupe-des-chefs.jpg 1280w\" sizes=\"auto, (max-width: 1024px) 100vw, 1024px\" \/><\/figure>\n<\/figure>\n<\/div>\n<\/div>\n\n\n\n<div class=\"wp-block-columns is-layout-flex wp-container-core-columns-is-layout-9d6595d7 wp-block-columns-is-layout-flex\">\n<div class=\"wp-block-column is-layout-flow wp-block-column-is-layout-flow\" style=\"flex-basis:66.66%\">\n<figure class=\"wp-block-gallery has-nested-images columns-default is-cropped wp-block-gallery-4 is-layout-flex wp-block-gallery-is-layout-flex\">\n<figure class=\"wp-block-image size-large\"><img loading=\"lazy\" decoding=\"async\" width=\"1024\" height=\"576\" data-id=\"523\" src=\"http:\/\/lions-sma.org\/wp-content\/uploads\/2024\/11\/Alyzee-1024x576.jpg\" alt=\"\" class=\"wp-image-523\" srcset=\"http:\/\/lions-sma.org\/wp-content\/uploads\/2024\/11\/Alyzee-1024x576.jpg 1024w, http:\/\/lions-sma.org\/wp-content\/uploads\/2024\/11\/Alyzee-300x169.jpg 300w, http:\/\/lions-sma.org\/wp-content\/uploads\/2024\/11\/Alyzee-768x432.jpg 768w, http:\/\/lions-sma.org\/wp-content\/uploads\/2024\/11\/Alyzee-496x279.jpg 496w, http:\/\/lions-sma.org\/wp-content\/uploads\/2024\/11\/Alyzee.jpg 1280w\" sizes=\"auto, (max-width: 1024px) 100vw, 1024px\" \/><\/figure>\n<\/figure>\n<\/div>\n\n\n\n<div class=\"wp-block-column is-layout-flow wp-block-column-is-layout-flow\" style=\"flex-basis:33.33%\">\n<h2 class=\"wp-block-heading has-accent-1-color has-text-color has-link-color wp-elements-c673d4f53526a686198d38c553f72496\">L&rsquo;Alis\u00e9e<\/h2>\n\n\n\n<p>Depuis 2022, nous organisons une course \u00e0 v\u00e9lo pour sensibiliser au don de moelle osseuse et pour l\u2019occasion accompagnons les exploits de notre cycliste et ami Romain dont la s\u0153ur est atteinte d\u2019une maladie n\u00e9cessitant de lourds traitements.<\/p>\n\n\n\n<p>D\u2019autres clubs Lions et de nombreux partenaires sponsors se mobilisent \u00e0 nos c\u00f4t\u00e9s, et par exemple les clubs de Beaune, du Havre, de Deauville\u2026  L&rsquo;objectif : donner un maximum de visibilit\u00e9 une action essentielle. Les dons re\u00e7us sont revers\u00e9es aux associations qui \u0153uvrent pour avancer la recherche et par exemple SOS Globi ou Drepagreffe.<\/p>\n<\/div>\n<\/div>\n\n\n\n<hr class=\"wp-block-separator has-alpha-channel-opacity\"\/>\n\n\n\n<div class=\"wp-block-columns is-layout-flex wp-container-core-columns-is-layout-9d6595d7 wp-block-columns-is-layout-flex\">\n<div class=\"wp-block-column is-layout-flow wp-block-column-is-layout-flow\" style=\"flex-basis:33.33%\">\n<h2 class=\"wp-block-heading has-accent-1-color has-text-color has-link-color wp-elements-acd2151419645dc5036ef1c78847b606\">La collecte au profit des \u00e9tudiants<\/h2>\n\n\n\n<p>Depuis 2020 et la crise sanitaire du Covid, nous organisons avec notre partenaire le Leclerc de Bonneuil-sur-Marne, une collecte de denr\u00e9es de premi\u00e8re n\u00e9cessit\u00e9 au profit des \u00e9tudiants de l&rsquo;Universit\u00e9 de Cr\u00e9teil (UPEC). <\/p>\n\n\n\n<p>Le contexte particulier a fait disparaitre les jobs \u00e9tudiants. Ils \u00e9taient pourtant essentiels \u00e0 la bonne poursuite des \u00e9tudes pour un grand nombre d\u2019entre eux.<\/p>\n<\/div>\n\n\n\n<div class=\"wp-block-column is-layout-flow wp-block-column-is-layout-flow\" style=\"flex-basis:66.66%\">\n<figure class=\"wp-block-gallery has-nested-images columns-default is-cropped wp-block-gallery-5 is-layout-flex wp-block-gallery-is-layout-flex\">\n<figure class=\"wp-block-image size-large\"><img loading=\"lazy\" decoding=\"async\" width=\"1024\" height=\"576\" data-id=\"526\" src=\"http:\/\/lions-sma.org\/wp-content\/uploads\/2024\/11\/Collecte-etudiants-1024x576.jpg\" alt=\"\" class=\"wp-image-526\" srcset=\"http:\/\/lions-sma.org\/wp-content\/uploads\/2024\/11\/Collecte-etudiants-1024x576.jpg 1024w, http:\/\/lions-sma.org\/wp-content\/uploads\/2024\/11\/Collecte-etudiants-300x169.jpg 300w, http:\/\/lions-sma.org\/wp-content\/uploads\/2024\/11\/Collecte-etudiants-768x432.jpg 768w, http:\/\/lions-sma.org\/wp-content\/uploads\/2024\/11\/Collecte-etudiants-496x279.jpg 496w, http:\/\/lions-sma.org\/wp-content\/uploads\/2024\/11\/Collecte-etudiants.jpg 1280w\" sizes=\"auto, (max-width: 1024px) 100vw, 1024px\" \/><\/figure>\n<\/figure>\n<\/div>\n<\/div>\n\n\n\n<div class=\"wp-block-columns is-layout-flex wp-container-core-columns-is-layout-9d6595d7 wp-block-columns-is-layout-flex\">\n<div class=\"wp-block-column is-layout-flow wp-block-column-is-layout-flow\">\n<figure class=\"wp-block-image size-full\"><img loading=\"lazy\" decoding=\"async\" width=\"1280\" height=\"720\" src=\"http:\/\/lions-sma.org\/wp-content\/uploads\/2024\/11\/Eloquence.jpg\" alt=\"\" class=\"wp-image-531\" srcset=\"http:\/\/lions-sma.org\/wp-content\/uploads\/2024\/11\/Eloquence.jpg 1280w, http:\/\/lions-sma.org\/wp-content\/uploads\/2024\/11\/Eloquence-300x169.jpg 300w, http:\/\/lions-sma.org\/wp-content\/uploads\/2024\/11\/Eloquence-1024x576.jpg 1024w, http:\/\/lions-sma.org\/wp-content\/uploads\/2024\/11\/Eloquence-768x432.jpg 768w, http:\/\/lions-sma.org\/wp-content\/uploads\/2024\/11\/Eloquence-496x279.jpg 496w\" sizes=\"auto, (max-width: 1280px) 100vw, 1280px\" \/><\/figure>\n<\/div>\n\n\n\n<div class=\"wp-block-column is-layout-flow wp-block-column-is-layout-flow\">\n<h2 class=\"wp-block-heading has-accent-1-color has-text-color has-link-color wp-elements-b7ffa36890cc203445de5f2e292d74be\">Les concours d&rsquo;\u00e9loquence et l&rsquo;accompagnement des jeunes talents<\/h2>\n\n\n\n<p>Nous sommes fiers de mettre en avant les talents des jeunes des lyc\u00e9es de notre ville en leur permettant de r\u00e9fl\u00e9chir et de s&rsquo;exprimer brillamment sur des sujets qui rassemblent la communaut\u00e9 des Lions.<\/p>\n\n\n\n<p>Nous r\u00e9compensons aussi r\u00e9guli\u00e8rement des jeunes talentueux et motiv\u00e9s dans leur domaine et par exemple l&rsquo;entrepreunariat.<\/p>\n\n\n\n<p>C&rsquo;est aussi une occasion de pr\u00e9senter notre club et nos actions aux jeunes g\u00e9n\u00e9rations.<\/p>\n<\/div>\n<\/div>\n\n\n\n<hr class=\"wp-block-separator has-alpha-channel-opacity\"\/>\n\n\n\n<div class=\"wp-block-columns is-layout-flex wp-container-core-columns-is-layout-9d6595d7 wp-block-columns-is-layout-flex\">\n<div class=\"wp-block-column is-layout-flow wp-block-column-is-layout-flow\">\n<h2 class=\"wp-block-heading has-accent-1-color has-text-color has-link-color wp-elements-fd890090cc912ccc5e48ab5d70797a58\">Mars bleu<\/h2>\n\n\n\n<p>Depuis 2023, notre club souhaite convaincre les plus de 50 ans \u00e0 pratiquer des tests de d\u00e9pistage du cancer colorectal.<\/p>\n\n\n\n<p>Un sujet difficile \u00e0 aborder mais qui nous tient \u00e0 c\u0153ur.<\/p>\n\n\n\n<p>Nous remercions notre partenaire, le Caf\u00e9 de paris, pour cette joyeuse soir\u00e9e d&rsquo;information.<\/p>\n\n\n\n<p>Une occasion pour chaque invit\u00e9 de faire aussi un don au profit de la Ligue pour faire avancer la recherche sur les cancers digestifs.<\/p>\n<\/div>\n\n\n\n<div class=\"wp-block-column is-layout-flow wp-block-column-is-layout-flow\">\n<figure class=\"wp-block-image size-large\"><img loading=\"lazy\" decoding=\"async\" width=\"1024\" height=\"576\" src=\"http:\/\/lions-sma.org\/wp-content\/uploads\/2024\/11\/Mars-bleu-2-1024x576.jpg\" alt=\"\" class=\"wp-image-527\" srcset=\"http:\/\/lions-sma.org\/wp-content\/uploads\/2024\/11\/Mars-bleu-2-1024x576.jpg 1024w, http:\/\/lions-sma.org\/wp-content\/uploads\/2024\/11\/Mars-bleu-2-300x169.jpg 300w, http:\/\/lions-sma.org\/wp-content\/uploads\/2024\/11\/Mars-bleu-2-768x432.jpg 768w, http:\/\/lions-sma.org\/wp-content\/uploads\/2024\/11\/Mars-bleu-2-496x279.jpg 496w, http:\/\/lions-sma.org\/wp-content\/uploads\/2024\/11\/Mars-bleu-2.jpg 1280w\" sizes=\"auto, (max-width: 1024px) 100vw, 1024px\" \/><\/figure>\n<\/div>\n<\/div>\n\n\n\n<div class=\"wp-block-columns is-layout-flex wp-container-core-columns-is-layout-9d6595d7 wp-block-columns-is-layout-flex\">\n<div class=\"wp-block-column is-layout-flow wp-block-column-is-layout-flow\">\n<figure class=\"wp-block-gallery has-nested-images columns-default is-cropped wp-block-gallery-6 is-layout-flex wp-block-gallery-is-layout-flex\">\n<figure class=\"wp-block-image size-large\"><img loading=\"lazy\" decoding=\"async\" width=\"1024\" height=\"576\" data-id=\"533\" src=\"http:\/\/lions-sma.org\/wp-content\/uploads\/2024\/11\/Depistage-diabete2-1024x576.jpg\" alt=\"\" class=\"wp-image-533\" srcset=\"http:\/\/lions-sma.org\/wp-content\/uploads\/2024\/11\/Depistage-diabete2-1024x576.jpg 1024w, http:\/\/lions-sma.org\/wp-content\/uploads\/2024\/11\/Depistage-diabete2-300x169.jpg 300w, http:\/\/lions-sma.org\/wp-content\/uploads\/2024\/11\/Depistage-diabete2-768x432.jpg 768w, http:\/\/lions-sma.org\/wp-content\/uploads\/2024\/11\/Depistage-diabete2-496x279.jpg 496w, http:\/\/lions-sma.org\/wp-content\/uploads\/2024\/11\/Depistage-diabete2.jpg 1280w\" sizes=\"auto, (max-width: 1024px) 100vw, 1024px\" \/><\/figure>\n<\/figure>\n<\/div>\n\n\n\n<div class=\"wp-block-column is-layout-flow wp-block-column-is-layout-flow\">\n<h2 class=\"wp-block-heading has-accent-1-color has-text-color has-link-color wp-elements-0508381851a37691b65bcc0086b14136\">D\u00e9pistage du diab\u00e8te<\/h2>\n\n\n\n<p>Depuis 2022, en partenariat avec Lider Diab\u00e8te, une organisation du Lions international, nous organisons tous les ans une journ\u00e9e d&rsquo;information, de pr\u00e9vention et de d\u00e9pistage gratuit dans la galerie commerciale du centre Leclerc de Bonneuil-sur-Marne.<\/p>\n\n\n\n<p>Sont mobilis\u00e9s \u00e0 nos c\u00f4tes des m\u00e9decins et des infirmiers, confirm\u00e9s et \u00e9tudiants, pour accueillir b\u00e9n\u00e9volement et avec bienveillance toute personne qui s&rsquo;interroge sur cette maladie silencieuse, \u00e0 la fois si banale et dangereuse. La premi\u00e8re \u00e9dition a permis de r\u00e9aliser pr\u00e8s de 400 tests.<\/p>\n\n\n\n<p>Professionnels de sant\u00e9, n&rsquo;h\u00e9sitez pas \u00e0 vous rapprocher de nous pour nous aider lors de ces journ\u00e9es sp\u00e9ciales.<\/p>\n<\/div>\n<\/div>\n\n\n\n<hr class=\"wp-block-separator has-alpha-channel-opacity\"\/>\n\n\n\n<div class=\"wp-block-columns is-layout-flex wp-container-core-columns-is-layout-9d6595d7 wp-block-columns-is-layout-flex\">\n<div class=\"wp-block-column is-layout-flow wp-block-column-is-layout-flow\">\n<h2 class=\"wp-block-heading has-accent-1-color has-text-color has-link-color wp-elements-411ee0df8f3d680425b27f1774645e80\">Nos soir\u00e9es d\u00e9gustations<\/h2>\n\n\n\n<p>Depuis toujours, pour lier l&rsquo;utile et l&rsquo;agr\u00e9able, nous r\u00e9unissons des amis \u00e9picuriens dans un cadre de soir\u00e9es de prestige et de d\u00e9gustation au profit d&rsquo;actions qui nous tiennent \u00e0 c\u0153ur.<\/p>\n\n\n\n<p>En 2023, les fonds r\u00e9colt\u00e9s gr\u00e2ce \u00e0 nos achats et les reversements de notre partenaire \u0153nologue  ont permis d&rsquo;envoyer 3 enfants en vacances d&rsquo;\u00e9t\u00e9.<\/p>\n<\/div>\n\n\n\n<div class=\"wp-block-column is-layout-flow wp-block-column-is-layout-flow\">\n<figure class=\"wp-block-image size-large\"><img loading=\"lazy\" decoding=\"async\" width=\"1024\" height=\"576\" src=\"http:\/\/lions-sma.org\/wp-content\/uploads\/2024\/11\/Degustation2-1024x576.jpg\" alt=\"\" class=\"wp-image-530\" srcset=\"http:\/\/lions-sma.org\/wp-content\/uploads\/2024\/11\/Degustation2-1024x576.jpg 1024w, http:\/\/lions-sma.org\/wp-content\/uploads\/2024\/11\/Degustation2-300x169.jpg 300w, http:\/\/lions-sma.org\/wp-content\/uploads\/2024\/11\/Degustation2-768x432.jpg 768w, http:\/\/lions-sma.org\/wp-content\/uploads\/2024\/11\/Degustation2-496x279.jpg 496w, http:\/\/lions-sma.org\/wp-content\/uploads\/2024\/11\/Degustation2.jpg 1280w\" sizes=\"auto, (max-width: 1024px) 100vw, 1024px\" \/><\/figure>\n<\/div>\n<\/div>\n\n\n\n<hr class=\"wp-block-separator has-alpha-channel-opacity\"\/>\n\n\n\n<div class=\"wp-block-columns is-layout-flex wp-container-core-columns-is-layout-9d6595d7 wp-block-columns-is-layout-flex\">\n<div class=\"wp-block-column is-layout-flow wp-block-column-is-layout-flow\">\n<figure class=\"wp-block-gallery has-nested-images columns-default is-cropped wp-block-gallery-7 is-layout-flex wp-block-gallery-is-layout-flex\">\n<figure class=\"wp-block-image size-large\"><img loading=\"lazy\" decoding=\"async\" width=\"1024\" height=\"576\" data-id=\"534\" src=\"http:\/\/lions-sma.org\/wp-content\/uploads\/2024\/11\/banque-alimentaire-1024x576.jpg\" alt=\"\" class=\"wp-image-534\" srcset=\"http:\/\/lions-sma.org\/wp-content\/uploads\/2024\/11\/banque-alimentaire-1024x576.jpg 1024w, http:\/\/lions-sma.org\/wp-content\/uploads\/2024\/11\/banque-alimentaire-300x169.jpg 300w, http:\/\/lions-sma.org\/wp-content\/uploads\/2024\/11\/banque-alimentaire-768x432.jpg 768w, http:\/\/lions-sma.org\/wp-content\/uploads\/2024\/11\/banque-alimentaire-496x279.jpg 496w, http:\/\/lions-sma.org\/wp-content\/uploads\/2024\/11\/banque-alimentaire.jpg 1280w\" sizes=\"auto, (max-width: 1024px) 100vw, 1024px\" \/><\/figure>\n<\/figure>\n<\/div>\n\n\n\n<div class=\"wp-block-column is-layout-flow wp-block-column-is-layout-flow\">\n<h2 class=\"wp-block-heading has-accent-1-color has-text-color has-link-color wp-elements-ca9894aca510068b1cfe2049c060cb67\">La banque alimentaire<\/h2>\n\n\n\n<p>Depuis  2008, notre club participe \u00e0 la grande collecte nationale de denr\u00e9es alimentaires et de premi\u00e8res n\u00e9cessit\u00e9 aux c\u00f4t\u00e9s des autres clubs amis de notre ville.<\/p>\n\n\n\n<p>Nous remercions les commer\u00e7ants partenaires de notre Saint-Maur pour leur accueil et nos g\u00e9n\u00e9reux et fid\u00e8les donateurs. Une sp\u00e9cificit\u00e9 : le fruit de notre collecte est revers\u00e9 localement, directement \u00e0 l&rsquo;\u00e9picerie solidaire de la ville, g\u00e9r\u00e9e par l&rsquo;association Terre&rsquo;Ano\u00e9.<\/p>\n\n\n\n<p>C&rsquo;est, chaque ann\u00e9e, plus d&rsquo;une tonne de denr\u00e9es collect\u00e9es, pour assurer environ 2 600 repas.<\/p>\n<\/div>\n<\/div>\n\n\n\n<hr class=\"wp-block-separator has-alpha-channel-opacity\"\/>\n\n\n\n<div class=\"wp-block-columns is-layout-flex wp-container-core-columns-is-layout-9d6595d7 wp-block-columns-is-layout-flex\">\n<div class=\"wp-block-column is-layout-flow wp-block-column-is-layout-flow\">\n<h2 class=\"wp-block-heading has-accent-1-color has-text-color has-link-color wp-elements-14328403043bdcbe623f1237e8bd4d3b\">Le Printemps de l&rsquo;Art<\/h2>\n\n\n\n<p>Mobiliser plus d\u2019une centaine d\u2019artistes pour une cause qui nous importe, c\u2019est l\u2019objectif de cette manifestation annuelle organis\u00e9e dans l\u2019Espace Maison des Arts et de la Culture de la Villa M\u00e9dicis dans le quartier de la Varenne Saint-Hilaire avec le soutien de la Mairie.<\/p>\n\n\n\n<p>Les fonds sont revers\u00e9s \u00e0 diverses associations et, en 2022, au Souffle Rose.<\/p>\n<\/div>\n\n\n\n<div class=\"wp-block-column is-layout-flow wp-block-column-is-layout-flow\">\n<figure class=\"wp-block-image size-large\"><img loading=\"lazy\" decoding=\"async\" width=\"1024\" height=\"576\" src=\"http:\/\/lions-sma.org\/wp-content\/uploads\/2024\/11\/Printemps-de-lArt2-1024x576.jpg\" alt=\"\" class=\"wp-image-532\" srcset=\"http:\/\/lions-sma.org\/wp-content\/uploads\/2024\/11\/Printemps-de-lArt2-1024x576.jpg 1024w, http:\/\/lions-sma.org\/wp-content\/uploads\/2024\/11\/Printemps-de-lArt2-300x169.jpg 300w, http:\/\/lions-sma.org\/wp-content\/uploads\/2024\/11\/Printemps-de-lArt2-768x432.jpg 768w, http:\/\/lions-sma.org\/wp-content\/uploads\/2024\/11\/Printemps-de-lArt2-496x279.jpg 496w, http:\/\/lions-sma.org\/wp-content\/uploads\/2024\/11\/Printemps-de-lArt2.jpg 1280w\" sizes=\"auto, (max-width: 1024px) 100vw, 1024px\" \/><\/figure>\n\n\n\n<p><\/p>\n<\/div>\n<\/div>\n\n\n\n<hr class=\"wp-block-separator has-alpha-channel-opacity\"\/>\n\n\n\n<div class=\"wp-block-columns is-layout-flex wp-container-core-columns-is-layout-9d6595d7 wp-block-columns-is-layout-flex\">\n<div class=\"wp-block-column is-layout-flow wp-block-column-is-layout-flow\">\n<figure class=\"wp-block-image size-large\"><img loading=\"lazy\" decoding=\"async\" width=\"1024\" height=\"576\" src=\"http:\/\/lions-sma.org\/wp-content\/uploads\/2024\/11\/Collecte-etudiants-1-1024x576.jpg\" alt=\"\" class=\"wp-image-537\" srcset=\"http:\/\/lions-sma.org\/wp-content\/uploads\/2024\/11\/Collecte-etudiants-1-1024x576.jpg 1024w, http:\/\/lions-sma.org\/wp-content\/uploads\/2024\/11\/Collecte-etudiants-1-300x169.jpg 300w, http:\/\/lions-sma.org\/wp-content\/uploads\/2024\/11\/Collecte-etudiants-1-768x432.jpg 768w, http:\/\/lions-sma.org\/wp-content\/uploads\/2024\/11\/Collecte-etudiants-1-496x279.jpg 496w, http:\/\/lions-sma.org\/wp-content\/uploads\/2024\/11\/Collecte-etudiants-1.jpg 1280w\" sizes=\"auto, (max-width: 1024px) 100vw, 1024px\" \/><\/figure>\n<\/div>\n\n\n\n<div class=\"wp-block-column is-layout-flow wp-block-column-is-layout-flow\">\n<h2 class=\"wp-block-heading has-accent-1-color has-text-color has-link-color wp-elements-c04846b81b1c930a9945d0734197ff95\">La collecte de fourniture scolaire<\/h2>\n\n\n\n<p>Depuis 2022, au centre Leclerc de Bonneuil-sur-Marne, nous organisons une collecte de fournitures scolaires au profit des enfants d\u00e9favoris\u00e9s avec l&rsquo;aide de partenaires comme Emma\u00fcs Libert\u00e9.<\/p>\n\n\n\n<p><\/p>\n<\/div>\n<\/div>\n\n\n\n<hr class=\"wp-block-separator has-alpha-channel-opacity\"\/>\n\n\n\n<div class=\"wp-block-columns is-layout-flex wp-container-core-columns-is-layout-9d6595d7 wp-block-columns-is-layout-flex\">\n<div class=\"wp-block-column is-layout-flow wp-block-column-is-layout-flow\">\n<h2 class=\"wp-block-heading has-accent-1-color has-text-color has-link-color wp-elements-e3041fe1a69aca262404b74c1039cf8d\">Le T\u00e9l\u00e9thon<\/h2>\n\n\n\n<p>Nos membres participent \u00e0 diff\u00e9rentes actions partenaires afin de collecter un maximum de dons. Animations bien-\u00eatre, soir\u00e9e dansante, diners caritatifs, vente de tickets de loteries, tout est bon pour le T\u00e9l\u00e9thon !<\/p>\n<\/div>\n\n\n\n<div class=\"wp-block-column is-layout-flow wp-block-column-is-layout-flow\">\n<figure class=\"wp-block-image size-large\"><img loading=\"lazy\" decoding=\"async\" width=\"1024\" height=\"576\" src=\"http:\/\/lions-sma.org\/wp-content\/uploads\/2024\/11\/Telethon-1024x576.jpg\" alt=\"\" class=\"wp-image-541\" srcset=\"http:\/\/lions-sma.org\/wp-content\/uploads\/2024\/11\/Telethon-1024x576.jpg 1024w, http:\/\/lions-sma.org\/wp-content\/uploads\/2024\/11\/Telethon-300x169.jpg 300w, http:\/\/lions-sma.org\/wp-content\/uploads\/2024\/11\/Telethon-768x432.jpg 768w, http:\/\/lions-sma.org\/wp-content\/uploads\/2024\/11\/Telethon-496x279.jpg 496w, http:\/\/lions-sma.org\/wp-content\/uploads\/2024\/11\/Telethon.jpg 1280w\" sizes=\"auto, (max-width: 1024px) 100vw, 1024px\" \/><\/figure>\n<\/div>\n<\/div>\n\n\n\n<hr class=\"wp-block-separator has-alpha-channel-opacity\"\/>\n\n\n\n<div class=\"wp-block-columns is-layout-flex wp-container-core-columns-is-layout-9d6595d7 wp-block-columns-is-layout-flex\">\n<div class=\"wp-block-column is-layout-flow wp-block-column-is-layout-flow\" style=\"flex-basis:66.66%\">\n<figure class=\"wp-block-gallery has-nested-images columns-default is-cropped wp-block-gallery-8 is-layout-flex wp-block-gallery-is-layout-flex\">\n<figure class=\"wp-block-image size-large\"><img loading=\"lazy\" decoding=\"async\" width=\"1024\" height=\"576\" data-id=\"551\" src=\"http:\/\/lions-sma.org\/wp-content\/uploads\/2024\/11\/Soirees-soirees-de-sensibilisation-1024x576.jpg\" alt=\"\" class=\"wp-image-551\" srcset=\"http:\/\/lions-sma.org\/wp-content\/uploads\/2024\/11\/Soirees-soirees-de-sensibilisation-1024x576.jpg 1024w, http:\/\/lions-sma.org\/wp-content\/uploads\/2024\/11\/Soirees-soirees-de-sensibilisation-300x169.jpg 300w, http:\/\/lions-sma.org\/wp-content\/uploads\/2024\/11\/Soirees-soirees-de-sensibilisation-768x432.jpg 768w, http:\/\/lions-sma.org\/wp-content\/uploads\/2024\/11\/Soirees-soirees-de-sensibilisation-496x279.jpg 496w, http:\/\/lions-sma.org\/wp-content\/uploads\/2024\/11\/Soirees-soirees-de-sensibilisation.jpg 1280w\" sizes=\"auto, (max-width: 1024px) 100vw, 1024px\" \/><\/figure>\n<\/figure>\n<\/div>\n\n\n\n<div class=\"wp-block-column is-layout-flow wp-block-column-is-layout-flow\" style=\"flex-basis:33.33%\">\n<h2 class=\"wp-block-heading has-accent-1-color has-text-color has-link-color wp-elements-f3a85576d96f08b35725b099fbb0ad72\">Conf\u00e9rences de sensibilisation<\/h2>\n\n\n\n<p>Notre club organise des conf\u00e9rences de sensibilisation sur des sujets d&rsquo;actualit\u00e9 pour un public large, y compris \u00e0 destination des plus jeunes.<\/p>\n\n\n\n<p>En 2017, nous mobilisions diff\u00e9rents acteurs (magistrat, psychologue et t\u00e9moins) sur le th\u00e8me du harc\u00e8lement scolaire \u00e0 destination de lyc\u00e9ens et de leurs familles<\/p>\n<\/div>\n<\/div>\n\n\n\n<div class=\"wp-block-columns is-layout-flex wp-container-core-columns-is-layout-9d6595d7 wp-block-columns-is-layout-flex\">\n<div class=\"wp-block-column is-layout-flow wp-block-column-is-layout-flow\">\n<div class=\"wp-block-columns is-layout-flex wp-container-core-columns-is-layout-9d6595d7 wp-block-columns-is-layout-flex\">\n<div class=\"wp-block-column is-layout-flow wp-block-column-is-layout-flow\" style=\"flex-basis:33.33%\">\n<h2 class=\"wp-block-heading has-accent-1-color has-text-color has-link-color wp-elements-2c197fdecb20ab5750cfd43032dab41c\">Concerts<\/h2>\n\n\n\n<p>Nous invitons r\u00e9guli\u00e8rement des artistes pour des concerts dont les b\u00e9n\u00e9fices sont revers\u00e9s au profit de causes qui nous tiennent \u00e0 coeur.<\/p>\n\n\n\n<p>Nous avons accompagn\u00e9 des jeunes artistes m\u00e9ritant en soutenant financi\u00e8rement leur apprentissage musical.  <\/p>\n<\/div>\n\n\n\n<div class=\"wp-block-column is-layout-flow wp-block-column-is-layout-flow\" style=\"flex-basis:66.66%\">\n<figure class=\"wp-block-gallery has-nested-images columns-default is-cropped wp-block-gallery-9 is-layout-flex wp-block-gallery-is-layout-flex\">\n<figure class=\"wp-block-image size-large\"><img loading=\"lazy\" decoding=\"async\" width=\"1024\" height=\"576\" data-id=\"554\" src=\"http:\/\/lions-sma.org\/wp-content\/uploads\/2024\/11\/Soirees-concerts-1024x576.jpg\" alt=\"\" class=\"wp-image-554\" srcset=\"http:\/\/lions-sma.org\/wp-content\/uploads\/2024\/11\/Soirees-concerts-1024x576.jpg 1024w, http:\/\/lions-sma.org\/wp-content\/uploads\/2024\/11\/Soirees-concerts-300x169.jpg 300w, http:\/\/lions-sma.org\/wp-content\/uploads\/2024\/11\/Soirees-concerts-768x432.jpg 768w, http:\/\/lions-sma.org\/wp-content\/uploads\/2024\/11\/Soirees-concerts-496x279.jpg 496w, http:\/\/lions-sma.org\/wp-content\/uploads\/2024\/11\/Soirees-concerts.jpg 1280w\" sizes=\"auto, (max-width: 1024px) 100vw, 1024px\" \/><\/figure>\n<\/figure>\n<\/div>\n<\/div>\n<\/div>\n<\/div>\n","protected":false},"excerpt":{"rendered":"<p>Force livres Depuis 2024, nous organisons des collectes de livres aupr\u00e8s de nos amis mais surtout aupr\u00e8s de partenaires : paroisses, soci\u00e9t\u00e9s de d\u00e9m\u00e9nagement, \u00e9diteurs&#8230; &hellip;<\/p>\n","protected":false},"author":1,"featured_media":0,"parent":0,"menu_order":0,"comment_status":"closed","ping_status":"closed","template":"","meta":{"_monsterinsights_skip_tracking":false,"_monsterinsights_sitenote_active":false,"_monsterinsights_sitenote_note":"","_monsterinsights_sitenote_category":0,"footnotes":""},"class_list":["post-383","page","type-page","status-publish","hentry"],"aioseo_notices":[],"_links":{"self":[{"href":"http:\/\/lions-sma.org\/index.php\/wp-json\/wp\/v2\/pages\/383","targetHints":{"allow":["GET"]}}],"collection":[{"href":"http:\/\/lions-sma.org\/index.php\/wp-json\/wp\/v2\/pages"}],"about":[{"href":"http:\/\/lions-sma.org\/index.php\/wp-json\/wp\/v2\/types\/page"}],"author":[{"embeddable":true,"href":"http:\/\/lions-sma.org\/index.php\/wp-json\/wp\/v2\/users\/1"}],"replies":[{"embeddable":true,"href":"http:\/\/lions-sma.org\/index.php\/wp-json\/wp\/v2\/comments?post=383"}],"version-history":[{"count":13,"href":"http:\/\/lions-sma.org\/index.php\/wp-json\/wp\/v2\/pages\/383\/revisions"}],"predecessor-version":[{"id":555,"href":"http:\/\/lions-sma.org\/index.php\/wp-json\/wp\/v2\/pages\/383\/revisions\/555"}],"wp:attachment":[{"href":"http:\/\/lions-sma.org\/index.php\/wp-json\/wp\/v2\/media?parent=383"}],"curies":[{"name":"wp","href":"https:\/\/api.w.org\/{rel}","templated":true}]}}